{"id":12,"date":"2016-02-19T16:33:43","date_gmt":"2016-02-19T15:33:43","guid":{"rendered":"https:\/\/akademiafarmaceuty.edu.pl\/?page_id=12"},"modified":"2016-06-10T13:00:43","modified_gmt":"2016-06-10T12:00:43","slug":"wykladowcy","status":"publish","type":"page","link":"https:\/\/akademiafarmaceuty.edu.pl\/2016\/wykladowcy\/","title":{"rendered":"Wyk\u0142adowcy"},"content":{"rendered":"<p><img loading=\"lazy\" class=\"size-large wp-image-17 aligncenter\" src=\"https:\/\/akademiafarmaceuty.edu.pl\/wp-content\/uploads\/2016\/02\/wykladowcy-1024x291.jpg\" alt=\"wykladowcy\" width=\"940\" height=\"267\" srcset=\"https:\/\/akademiafarmaceuty.edu.pl\/2016\/wp-content\/uploads\/2016\/02\/wykladowcy-1024x291.jpg 1024w, https:\/\/akademiafarmaceuty.edu.pl\/2016\/wp-content\/uploads\/2016\/02\/wykladowcy-300x85.jpg 300w, https:\/\/akademiafarmaceuty.edu.pl\/2016\/wp-content\/uploads\/2016\/02\/wykladowcy-768x218.jpg 768w, https:\/\/akademiafarmaceuty.edu.pl\/2016\/wp-content\/uploads\/2016\/02\/wykladowcy.jpg 1618w\" sizes=\"(max-width: 940px) 100vw, 940px\" \/><\/p>\n<hr \/>\n<p>[columns] [span6]<\/p>\n<h4><strong class=\"tytul\">Dr n. med. Piotr Rapiejko<\/strong><\/h4>\n<h6><strong class=\"tytul\">KIEROWNIK NAUKOWY PROJEKTU<\/strong><\/h6>\n<p>Z Kliniki Otolaryngologii i Onkologii Klinicznej z Klinicznym Oddzia\u0142em Chirurgii Czaszkowo-Szcz\u0119kowo-Twarzowej WIM w Warszawie. Prezes O\u015brodka Badania Alergen\u00f3w \u015arodowiskowych Sp. z o.o., Cz\u0142onek Zarz\u0105du G\u0142\u00f3wnego Polskiego Towarzystwa Alergologicznego.<\/p>\n<h4><strong>Prof. zw. dr hab. n. med. Wojciech\u00a0Cichy<\/strong><\/h4>\n<p>Em. Kierownik I Katedry Pediatrii i Kliniki Gastroenterologii Dzieci\u0119cej i Chor\u00f3b Metabolicznych Uniwersytetu Medycznego im. K. Marcinkowskiego w Poznaniu. Kierownik Katedry Kosmetologii, Wydzia\u0142 Medyczny PWSZ w Kaliszu. Lekarz \u2013 specjalista w zakresie pediatrii, gastroenterologii i medycyny sportowej.<\/p>\n<h4><strong class=\"tytul\">Prof. dr hab. n. med. Przemys\u0142aw\u00a0Bie\u0144kowski<\/strong><\/h4>\n<p>Kierownik Zak\u0142adu Farmakologii Instytutu Psychiatrii i Neurologii (IPiN) w Warszawie, Przewodnicz\u0105cy Rady Naukowej IPiN. Autor ponad 110 prac oryginalnych i pogl\u0105dowych w czasopismach z IF, licznych rozdzia\u0142\u00f3w w ksi\u0105\u017ckach naukowych i doniesie\u0144 zjazdowych.<\/p>\n<h4><strong class=\"tytul\">Dr hab. n. med. Halina Sienkiewicz-Jarosz<\/strong><\/h4>\n<p>Ordynator I Kliniki Neurologicznej Instytutu Psychiatrii i Neurologii w Warszawie. Autorka ponad 100 publikacji oryginalnych i pogl\u0105dowych w czasopismach krajowych i zagranicznych. \u0141\u0105czny wsp\u00f3\u0142czynnik IF dla w\/w publikacji wynosi ponad 100.<\/p>\n<h4><strong class=\"tytul\">Dr n. med. Marek Chmielewski<\/strong><\/h4>\n<p>Adiunkt w Katedrze i Klinice Katedry Kardiologii, Nadci\u015bnienia T\u0119tniczego i Chor\u00f3b Wewn\u0119trznych Warszawskiego Uniwersytetu Medycznego. Kierownik Pracowni Hemodynamiki w Mazowieckim Szpitalu Br\u00f3dnowskim. Nauczyciel akademicki z wieloletnim do\u015bwiadczeniem dydaktycznym. Specjalista w zakresie chor\u00f3b wewn\u0119trznych i kardiologii.<\/p>\n<p>[\/span6][span6]<\/p>\n<h4><strong class=\"tytul\">Dr n. farm. Grzegorz Do\u0142\u0119ga<\/strong><\/h4>\n<p>Kierownik Dzia\u0142u Transferu, Utrzymania i Rozwoju Produkt\u00f3w w Zak\u0142adzie Produkcyjnym Sanofi w Rzeszowie. Specjalista w zakresie rozwoju formulacji oraz przemys\u0142owych technologii sta\u0142ych postaci lek\u00f3w. Od 2000 r. zwi\u0105zany z Zak\u0142adem Produkcyjnym Sanofi w Rzeszowie. Tw\u00f3rca konceptu formulacyjnego Magne B6 Max, Activ oraz No-Spa tabletki powlekane. Wsp\u00f3\u0142pracuje jako wyk\u0142adowca z Politechnik\u0105 Rzeszowsk\u0105.<\/p>\n<h4><strong class=\"tytul\">Dr n. farm. Monika Gajewska<\/strong><\/h4>\n<p>Starszy Wyk\u0142adowca w Katedrze i Zak\u0142adzie Farmacji Stosowanej Gda\u0144skiego Uniwersytetu Medycznego, Wydzia\u0142 Farmaceutyczny z Oddzia\u0142em Medycyny Laboratoryjnej. Nauczyciel akademicki z dwudziestoletnim do\u015bwiadczeniem dydaktycznym w zakresie nauczania student\u00f3w, jak i edukacji podyplomowej z przedmiot\u00f3w Technologia postaci leku i Farmacja praktyczna w aptece. Farmaceuta praktyk \u2013 aptekarz.<\/p>\n<h4><strong class=\"tytul\">Dr n. med. Beata Klincewicz<\/strong><\/h4>\n<p>Adiunkt w I Katedrze Pediatrii i Klinice Gastroenterologii Dzieci\u0119cej i Chor\u00f3b Metabolicznych Uniwersytetu Medycznego im. K. Marcinkowskiego w Poznaniu; specjalista gastroenterolog, pediatra.<\/p>\n<h4><strong class=\"tytul\">Dr n. med. Jolanta Maciejewska<\/strong><\/h4>\n<p>Specjalista dermatologii i wenerologii, Wojew\u00f3dzki Szpital Obserwacyjno-Zaka\u017any w Bydgoszczy; Lekarze Mostowa 4 w Bydgoszczy; starszy wyk\u0142adowca w Bydgoskiej Szkole Wy\u017cszej; autorka kilkudziesi\u0119ciu prac naukowych w polskich i zagranicznych czasopismach medycznych.<\/p>\n<h4><strong>Zbigniew Kowalski<\/strong><\/h4>\n<p>Dyrektor programowy sp\u00f3\u0142ki Komunikacja z pacjentem.pl, jeden z pierwszych w Polsce nauczycieli akademickich nauczaj\u0105cych student\u00f3w wydzia\u0142u lekarskiego metod porozumiewania si\u0119 z pacjentami.\u00a0Jest autorem kilku istotnych bada\u0144 opinii, jak np. oczekiwania Pacjent\u00f3w wobec Lekarzy. Od 2000 roku prowadzi treningi, wyk\u0142ady motywacyjne, warsztaty i debaty. Z jego wiedzy skorzysta\u0142o dotychczas ponad 60 000 os\u00f3b, w tym ponad 30 000 Lekarzy, 4\u00a0000 Piel\u0119gniarek i 9 000 Farmaceut\u00f3w. Pe\u0142ni funkcj\u0119 Przewodnicz\u0105cego Sekcji Motywacji Pacjent\u00f3w Polskiego Towarzystwa Komunikacji Medycznej oraz sekretarza Grupy Roboczej ds. Edukacji Polskiego Towarzystwa Nadci\u015bnienia T\u0119tniczego.\u00a0Interaktywne i praktyczne wyst\u0105pienia Zbigniewa Kowalskiego organizowane by\u0142y dla Lekarzy niemal ka\u017cdej specjalizacji. Dotycz\u0105 one porozumienia, lojalno\u015bci, zarz\u0105dzania relacjami i motywowania dzi\u0119ki dobrej komunikacji. Zapraszany jako komentator i ekspert oraz cytowany przez czo\u0142owe media. Jest wsp\u00f3\u0142autorem bestsellerowej ksi\u0105\u017cki \u201eMount Everest Biznesu\u201d, podr\u0119cznik\u00f3w \u201eNieprzestrzeganie zalece\u0144 terapeutycznych\u201d, \u201eKompleksowa opieka nad pacjentem w wieku podesz\u0142ym\u201d i autorem poradnik\u00f3w \u201eZdrowa Komunikacja\u201d, \u201eWsp\u00f3lnie dla serca\u201d i \u201eJak stworzy\u0107 gabinet doskona\u0142y\u201d. Posiada akredytacj\u0119 konsultanta i trenera takich instytucji czy modeli jak: Insights Discovery (typologia styl\u00f3w funkcjonowania), Oldham &amp; Morris (psychologia osobowo\u015bci), Body Language Institute Washington (rozpoznawanie k\u0142amstwa w kontakcie interpersonalnym).<\/p>\n<p>[\/span6][\/columns]<\/p>\n<h4><\/h4>\n","protected":false},"excerpt":{"rendered":"<p>[columns] [span6] Dr n. med. Piotr Rapiejko KIEROWNIK NAUKOWY PROJEKTU Z Kliniki Otolaryngologii i Onkologii Klinicznej z Klinicznym Oddzia\u0142em Chirurgii Czaszkowo-Szcz\u0119kowo-Twarzowej WIM w Warszawie. Prezes O\u015brodka Badania Alergen\u00f3w \u015arodowiskowych Sp. z o.o., Cz\u0142onek Zarz\u0105du G\u0142\u00f3wnego Polskiego Towarzystwa Alergologicznego. Prof. zw. &hellip; <a href=\"https:\/\/akademiafarmaceuty.edu.pl\/2016\/wykladowcy\/\">Continued<\/a><\/p>\n","protected":false},"author":1,"featured_media":0,"parent":0,"menu_order":0,"comment_status":"closed","ping_status":"closed","template":"","meta":[],"_links":{"self":[{"href":"https:\/\/akademiafarmaceuty.edu.pl\/2016\/wp-json\/wp\/v2\/pages\/12"}],"collection":[{"href":"https:\/\/akademiafarmaceuty.edu.pl\/2016\/wp-json\/wp\/v2\/pages"}],"about":[{"href":"https:\/\/akademiafarmaceuty.edu.pl\/2016\/wp-json\/wp\/v2\/types\/page"}],"author":[{"embeddable":true,"href":"https:\/\/akademiafarmaceuty.edu.pl\/2016\/wp-json\/wp\/v2\/users\/1"}],"replies":[{"embeddable":true,"href":"https:\/\/akademiafarmaceuty.edu.pl\/2016\/wp-json\/wp\/v2\/comments?post=12"}],"version-history":[{"count":17,"href":"https:\/\/akademiafarmaceuty.edu.pl\/2016\/wp-json\/wp\/v2\/pages\/12\/revisions"}],"predecessor-version":[{"id":1277,"href":"https:\/\/akademiafarmaceuty.edu.pl\/2016\/wp-json\/wp\/v2\/pages\/12\/revisions\/1277"}],"wp:attachment":[{"href":"https:\/\/akademiafarmaceuty.edu.pl\/2016\/wp-json\/wp\/v2\/media?parent=12"}],"curies":[{"name":"wp","href":"https:\/\/api.w.org\/{rel}","templated":true}]}}