{"id":2404,"date":"2016-11-15T17:01:07","date_gmt":"2016-11-15T16:01:07","guid":{"rendered":"https:\/\/akademiafarmaceuty.edu.pl\/?page_id=2404"},"modified":"2017-01-05T11:13:27","modified_gmt":"2017-01-05T10:13:27","slug":"dziekujemy","status":"publish","type":"page","link":"https:\/\/akademiafarmaceuty.edu.pl\/2016\/","title":{"rendered":"Dzi\u0119kujemy &#8211; kursy zako\u0144czone!"},"content":{"rendered":"\n\t\t<style type=\"text\/css\">\n\t\t\t#gallery-1 {\n\t\t\t\tmargin: auto;\n\t\t\t}\n\t\t\t#gallery-1 .gallery-item {\n\t\t\t\tfloat: left;\n\t\t\t\tmargin-top: 10px;\n\t\t\t\ttext-align: center;\n\t\t\t\twidth: 25%;\n\t\t\t}\n\t\t\t#gallery-1 img {\n\t\t\t\tborder: 2px solid #cfcfcf;\n\t\t\t}\n\t\t\t#gallery-1 .gallery-caption {\n\t\t\t\tmargin-left: 0;\n\t\t\t}\n\t\t\t\/* see gallery_shortcode() in wp-includes\/media.php *\/\n\t\t<\/style>\n\t\t<div id='gallery-1' class='gallery galleryid-2404 gallery-columns-4 gallery-size-thumbnail'><dl class='gallery-item'>\n\t\t\t<dt class='gallery-icon landscape'>\n\t\t\t\t<a class=\"thumbnail\" href='https:\/\/akademiafarmaceuty.edu.pl\/2016\/wp-content\/uploads\/2016\/11\/20161016_125232.jpg'><img width=\"150\" height=\"150\" src=\"https:\/\/akademiafarmaceuty.edu.pl\/2016\/wp-content\/uploads\/2016\/11\/20161016_125232-150x150.jpg\" class=\"attachment-thumbnail size-thumbnail\" alt=\"\" loading=\"lazy\" srcset=\"https:\/\/akademiafarmaceuty.edu.pl\/2016\/wp-content\/uploads\/2016\/11\/20161016_125232-150x150.jpg 150w, https:\/\/akademiafarmaceuty.edu.pl\/2016\/wp-content\/uploads\/2016\/11\/20161016_125232-300x300.jpg 300w\" sizes=\"(max-width: 150px) 100vw, 150px\" \/><\/a>\n\t\t\t<\/dt><\/dl><dl class='gallery-item'>\n\t\t\t<dt class='gallery-icon landscape'>\n\t\t\t\t<a class=\"thumbnail\" href='https:\/\/akademiafarmaceuty.edu.pl\/2016\/wp-content\/uploads\/2016\/11\/20161016_120151.jpg'><img width=\"150\" height=\"150\" src=\"https:\/\/akademiafarmaceuty.edu.pl\/2016\/wp-content\/uploads\/2016\/11\/20161016_120151-150x150.jpg\" class=\"attachment-thumbnail size-thumbnail\" alt=\"\" loading=\"lazy\" srcset=\"https:\/\/akademiafarmaceuty.edu.pl\/2016\/wp-content\/uploads\/2016\/11\/20161016_120151-150x150.jpg 150w, https:\/\/akademiafarmaceuty.edu.pl\/2016\/wp-content\/uploads\/2016\/11\/20161016_120151-300x300.jpg 300w\" sizes=\"(max-width: 150px) 100vw, 150px\" \/><\/a>\n\t\t\t<\/dt><\/dl><dl class='gallery-item'>\n\t\t\t<dt class='gallery-icon landscape'>\n\t\t\t\t<a class=\"thumbnail\" href='https:\/\/akademiafarmaceuty.edu.pl\/2016\/wp-content\/uploads\/2016\/11\/20160910_103504.jpg'><img width=\"150\" height=\"150\" src=\"https:\/\/akademiafarmaceuty.edu.pl\/2016\/wp-content\/uploads\/2016\/11\/20160910_103504-150x150.jpg\" class=\"attachment-thumbnail size-thumbnail\" alt=\"\" loading=\"lazy\" srcset=\"https:\/\/akademiafarmaceuty.edu.pl\/2016\/wp-content\/uploads\/2016\/11\/20160910_103504-150x150.jpg 150w, https:\/\/akademiafarmaceuty.edu.pl\/2016\/wp-content\/uploads\/2016\/11\/20160910_103504-300x300.jpg 300w\" sizes=\"(max-width: 150px) 100vw, 150px\" \/><\/a>\n\t\t\t<\/dt><\/dl><dl class='gallery-item'>\n\t\t\t<dt class='gallery-icon landscape'>\n\t\t\t\t<a class=\"thumbnail\" href='https:\/\/akademiafarmaceuty.edu.pl\/2016\/wp-content\/uploads\/2016\/11\/20160306_104512.jpg'><img width=\"150\" height=\"150\" src=\"https:\/\/akademiafarmaceuty.edu.pl\/2016\/wp-content\/uploads\/2016\/11\/20160306_104512-150x150.jpg\" class=\"attachment-thumbnail size-thumbnail\" alt=\"\" loading=\"lazy\" srcset=\"https:\/\/akademiafarmaceuty.edu.pl\/2016\/wp-content\/uploads\/2016\/11\/20160306_104512-150x150.jpg 150w, https:\/\/akademiafarmaceuty.edu.pl\/2016\/wp-content\/uploads\/2016\/11\/20160306_104512-300x300.jpg 300w\" sizes=\"(max-width: 150px) 100vw, 150px\" \/><\/a>\n\t\t\t<\/dt><\/dl><br style=\"clear: both\" \/>\n\t\t<\/div>\n\n<p>[columns] [span6]<\/p>\n<h4>Kursem w Bia\u0142ymstoku zako\u0144czyli\u015bmy cykl kurs\u00f3w szkoleniowych dla farmaceut\u00f3w pt. &#8222;Proces decyzyjny w opiece farmaceutycznej \u2013 podejmowanie decyzji terapeutycznych i analiza ich konsekwencji&#8221;.<\/h4>\n<p>Pierwsze spotkanie mia\u0142o miejsce 28 lutego w Krakowie, a ostatnie 23 pa\u017adziernika w Bia\u0142ymstoku.<\/p>\n<p>W sumie odwiedzili\u015bmy 13 miast na terenie ca\u0142ej Polski. Ca\u0142y cykl zgromadzi\u0142 ponad 3 tysi\u0105ce uczestnik\u00f3w.<\/p>\n<p>Serdecznie dzi\u0119kujemy wszystkim obecnym farmaceutom.<\/p>\n<p>[\/span6][span6]<\/p>\n<h4><strong>Podstawowe informacje<\/strong><\/h4>\n<ul>\n<li><strong>Wst\u0119p by\u0142\u00a0ca\u0142kowicie bezp\u0142atny<\/strong><\/li>\n<li><strong>10 punkt\u00f3w &#8222;twardych&#8221;<\/strong>\u00a0po zaliczeniu testu wiedzy po zako\u0144czeniu kursu<\/li>\n<li><strong>Punkty twarde<\/strong>\u00a0przyzna\u0142o\u00a0Studium Kszta\u0142cenia Podyplomowego Wydzia\u0142u Farmaceutycznego Gda\u0144skiego Uniwersytetu Medycznego<\/li>\n<li><strong>Punkty mi\u0119kkie<\/strong>\u00a0przyzna\u0142a w\u0142a\u015bciwa Okr\u0119gowa Izba Aptekarska\/PTFarm<\/li>\n<li><strong>Czas trwania kursu:<\/strong>\u00a08:30\u201318:30<\/li>\n<li><strong>Certyfikat:<\/strong>\u00a0warunkiem uzyskania certyfikatu na miejscu szkolenia by\u0142a\u00a0rejestracja na 5 dni przed dat\u0105 spotkania. Pozosta\u0142e osoby, kt\u00f3re zaliczy\u0142y\u00a0test mog\u0142y odebra\u0107 certyfikat w izbach aptekarskich do kt\u00f3rych nale\u017c\u0105<\/li>\n<\/ul>\n<p>[\/span6][\/columns]<\/p>\n<hr \/>\n<p><a href=\"\/poprzednie-kursy\/\">Zach\u0119camy do odwiedzenia stron internetowych poprzednich edycji spotka\u0144 dla farmaceut\u00f3w.<\/a><\/p>\n<hr \/>\n<p>[columns] [span3]<\/p>\n<p style=\"text-align: center;\"><b>GRANT EDUKACYJNY<\/b><\/p>\n<p style=\"text-align: center;\"><a href=\"http:\/\/www.sanofi.pl\" target=\"_blank\"><img src=\"https:\/\/akademiafarmaceuty.edu.pl\/2016\/wp-content\/uploads\/2016\/02\/logo_sanofi.png\" alt=\"\" width=\"150\" \/><\/a><\/p>\n<p>[\/span3][span3]<\/p>\n<p style=\"text-align: center;\"><b>GRANT EDUKACYJNY<\/b><\/p>\n<p style=\"text-align: center;\"><a href=\"http:\/\/www.nepentes.pl\" target=\"_blank\"><img src=\"https:\/\/akademiafarmaceuty.edu.pl\/2016\/wp-content\/uploads\/2016\/02\/logo_nepentes.png\" alt=\"\" width=\"150\" \/><\/a><\/p>\n<p>[\/span3][span3]<\/p>\n<p style=\"text-align: center;\"><b>ORGANIZATOR<\/b><\/p>\n<p style=\"text-align: center;\"><a href=\"http:\/\/www.gumed.edu.pl\" target=\"_blank\"><img src=\"https:\/\/akademiafarmaceuty.edu.pl\/2016\/wp-content\/uploads\/2016\/02\/logo_gum.png\" alt=\"\" width=\"150\" \/><\/a><\/p>\n<p>[\/span3][span3]<\/p>\n<p style=\"text-align: center;\"><b>WSP\u00d3\u0141ORGANIZATOR<\/b><\/p>\n<p style=\"text-align: center;\"><a href=\"http:\/\/www.grupaneoart.pl\" target=\"_blank\"><img src=\"https:\/\/akademiafarmaceuty.edu.pl\/2016\/wp-content\/uploads\/2016\/02\/logo_neoart.png\" alt=\"\" width=\"150\" \/><\/a><\/p>\n<p>[\/span3][\/columns]<\/p>\n","protected":false},"excerpt":{"rendered":"<p>[columns] [span6] Kursem w Bia\u0142ymstoku zako\u0144czyli\u015bmy cykl kurs\u00f3w szkoleniowych dla farmaceut\u00f3w pt. &#8222;Proces decyzyjny w opiece farmaceutycznej \u2013 podejmowanie decyzji terapeutycznych i analiza ich konsekwencji&#8221;. Pierwsze spotkanie mia\u0142o miejsce 28 lutego w Krakowie, a ostatnie 23 pa\u017adziernika w Bia\u0142ymstoku. W &hellip; <a href=\"https:\/\/akademiafarmaceuty.edu.pl\/2016\/\">Continued<\/a><\/p>\n","protected":false},"author":1,"featured_media":0,"parent":0,"menu_order":0,"comment_status":"closed","ping_status":"closed","template":"","meta":[],"_links":{"self":[{"href":"https:\/\/akademiafarmaceuty.edu.pl\/2016\/wp-json\/wp\/v2\/pages\/2404"}],"collection":[{"href":"https:\/\/akademiafarmaceuty.edu.pl\/2016\/wp-json\/wp\/v2\/pages"}],"about":[{"href":"https:\/\/akademiafarmaceuty.edu.pl\/2016\/wp-json\/wp\/v2\/types\/page"}],"author":[{"embeddable":true,"href":"https:\/\/akademiafarmaceuty.edu.pl\/2016\/wp-json\/wp\/v2\/users\/1"}],"replies":[{"embeddable":true,"href":"https:\/\/akademiafarmaceuty.edu.pl\/2016\/wp-json\/wp\/v2\/comments?post=2404"}],"version-history":[{"count":5,"href":"https:\/\/akademiafarmaceuty.edu.pl\/2016\/wp-json\/wp\/v2\/pages\/2404\/revisions"}],"predecessor-version":[{"id":2418,"href":"https:\/\/akademiafarmaceuty.edu.pl\/2016\/wp-json\/wp\/v2\/pages\/2404\/revisions\/2418"}],"wp:attachment":[{"href":"https:\/\/akademiafarmaceuty.edu.pl\/2016\/wp-json\/wp\/v2\/media?parent=2404"}],"curies":[{"name":"wp","href":"https:\/\/api.w.org\/{rel}","templated":true}]}}