{"id":12,"date":"2016-02-19T16:33:43","date_gmt":"2016-02-19T15:33:43","guid":{"rendered":"https:\/\/akademiafarmaceuty.edu.pl\/?page_id=12"},"modified":"2017-07-06T14:30:33","modified_gmt":"2017-07-06T13:30:33","slug":"wykladowcy","status":"publish","type":"page","link":"https:\/\/akademiafarmaceuty.edu.pl\/2017\/wykladowcy\/","title":{"rendered":"Wyk\u0142adowcy"},"content":{"rendered":"<h4><strong class=\"tytul\">Dr n. med. Piotr Rapiejko<\/strong><\/h4>\n<h6><strong class=\"tytul\">KIEROWNIK NAUKOWY PROJEKTU<\/strong><\/h6>\n<p>Z Kliniki Otolaryngologii i Onkologii Klinicznej z Klinicznym Oddzia\u0142em Chirurgii Czaszkowo-Szcz\u0119kowo-Twarzowej WIM w Warszawie. Prezes O\u015brodka Badania Alergen\u00f3w \u015arodowiskowych Sp. z o.o., Cz\u0142onek Zarz\u0105du G\u0142\u00f3wnego Polskiego Towarzystwa Alergologicznego.<\/p>\n<hr \/>\n<h4><strong>Prof. zw. dr hab. n.med. Wojciech Cichy<\/strong><\/h4>\n<p>Kierownik I Katedry Pediatrii i Kliniki Gastroenterologii Dzieci\u0119cej i Chor\u00f3b Metabolicznych Uniwersytetu Medycznego im. K. Marcinkowskiego w Poznaniu. Lekarz \u2013 specjalista w zakresie pediatrii, gastroenterologii i medycyny sportowej.<\/p>\n<h4><strong>Prof. dr hab. n. med. Przemys\u0142aw Bie\u0144kowski <\/strong><\/h4>\n<p>Kierownik Zak\u0142adu Farmakologii Instytutu Psychiatrii i Neurologii (IPiN) w Warszawie, Przewodnicz\u0105cy Rady Naukowej IPiN. Autor ponad 110 prac oryginalnych i pogl\u0105dowych w czasopismach z IF, licznych rozdzia\u0142\u00f3w w ksi\u0105\u017ckach naukowych i doniesie\u0144 zjazdowych.<\/p>\n<h4><strong>Dr hab. n. med. Halina Sienkiewicz-Jarosz <\/strong><\/h4>\n<p>Ordynator I Kliniki Neurologicznej Instytutu Psychiatrii i Neurologii w Warszawie. Autorka ponad 50 publikacji oryginalnych i pogl\u0105dowych w czasopismach krajowych i zagranicznych. \u0141\u0105czny wsp\u00f3\u0142czynnik IF dla w\/w publikacji wynosi ponad 70.<\/p>\n<h4><strong>Dr hab. n. med. Aleksandra Lesiak<\/strong><\/h4>\n<p>Specjalista dermatolog-wenerolog, specjalista dermatolog dzieci\u0119cy oraz lekarz specjalista dermatologii estetycznej. Adiunkt w Klinice Dermatologii i Wenerologii UM w \u0141odzi. W pracy naukowej skupia si\u0119 g\u0142\u00f3wnie na problemie nowotwor\u00f3w sk\u00f3ry, \u0142uszczycy, chor\u00f3b sk\u00f3ry u dzieci.<\/p>\n<h4><strong>Dr hab. n. med. Agnieszka \u017bebrowska<\/strong><\/h4>\n<p>Absolwentka Akademii Medycznej w \u0141odzi. Posiada II stopie\u0144 specjalizacji w zakresie dermatologii i wenerologii. Specjalizuje si\u0119 w zakresie dermatologii estetycznej. Autorka licznych publikacji naukowych zar\u00f3wno polskich i zagranicznych.<\/p>\n<h4><strong>Dr n. farm. Grzegorz Do\u0142\u0119ga <\/strong><\/h4>\n<p>Kierownik Dzia\u0142u Transferu, Utrzymania i Rozwoju Produkt\u00f3w w Zak\u0142adzie Produkcyjnym Sanofi w Rzeszowie. Specjalista w zakresie rozwoju formulacji oraz przemys\u0142owych technologii sta\u0142ych postaci lek\u00f3w. Od 2000 r. zwi\u0105zany z Zak\u0142adem Produkcyjnym Sanofi w Rzeszowie. Tw\u00f3rca konceptu formulacyjnego Magne B6 Max, Activ oraz No-Spa tabletki powlekane. Wsp\u00f3\u0142pracuje jako wyk\u0142adowca z Politechnik\u0105 Rzeszowsk\u0105.<\/p>\n<h4><strong>Dr n. farm. Przemys\u0142aw Talik <\/strong><\/h4>\n<p>Dr n. farm. w zakresie chemii lek\u00f3w. Z Wydzia\u0142em Farmaceutycznym Uniwersytetu Jagiello\u0144skiego Collegium Medicum zwi\u0105zany od 1994 roku. Obecnie adiunkt w Zak\u0142adzie Chemii Analitycznej. Do\u015bwiadczony nauczyciel, autor wielu publikacji i doniesie\u0144 oraz prezentacji ustnych na konferencjach krajowych jak i zagranicznych.<\/p>\n<h4><strong>Lek. n. med. Beata Cywi\u0144ska-Durczak<\/strong><\/h4>\n<p>Lekarz pediatra. Absolwentka Wydzia\u0142u Lekarskiego Akademii Medycznej w Gda\u0144sku oraz\u00a0 Oxford Brookes University &#8211; Executive MBA. Uko\u0144czy\u0142a edycj\u0119 Kosmetologii dla lekarzy w Wy\u017cszej Szkole Zawodowej Kosmetyki i Piel\u0119gnacji Zdrowia w Warszawie. Manager z wieloletnim do\u015bwiadczeniem w bran\u017cy farmaceutycznej w obszarze kompleksowego zarz\u0105dzania firm\u0105, rozwoju umiej\u0119tno\u015bci i ukierunkowania wiedzy pracownik\u00f3w oraz w obszarze bada\u0144 klinicznych. Obecnie Medical Lead Derma w firmie Sanofi.<\/p>\n<h4><strong>Zbigniew Kowalski <\/strong><\/h4>\n<p>Z wykszta\u0142cenia jest negocjatorem i\u00a0specjalist\u0105 ds. komunikacji. Autor kilku istotnych bada\u0144 opinii, jak np. oczekiwania pacjent\u00f3w wobec aptek i\u00a0farmaceut\u00f3w czy oczekiwania pacjent\u00f3w wobec lekarzy. Od\u00a02000 roku prowadzi treningi, wyk\u0142ady motywacyjne, warsztaty i\u00a0debaty. Z\u00a0jego wiedzy skorzysta\u0142o dotychczas ponad 60\u00a0000 os\u00f3b, w tym ponad 30\u00a0000 lekarzy, 4 000 piel\u0119gniarek i 9\u00a0000 farmaceut\u00f3w.<\/p>\n<h4><strong>Katarzyna Jagie\u0142o<\/strong><\/h4>\n<p>Manager z wieloletnim do\u015bwiadczeniem na rynku farmaceutycznym oraz szkoleniowym. Posiada szerokie kompetencje z zakresu zarz\u0105dzania projektami, opracowywania oraz przeprowadzania szkole\u0144 dla klient\u00f3w korporacyjnych i indywidualnych, organizacji seminari\u00f3w oraz promocji szkole\u0144 na uczelniach wy\u017cszych.\u00a0Posiada do\u015bwiadczenie w zakresie promocji lek\u00f3w w aptekach, organizacji szkole\u0144 produktowych dla farmaceut\u00f3w (program Pharmasist Glaxo). Od wrze\u015bnia 2015 wsp\u00f3\u0142pracuje z firma Sanofi w zakresie przeprowadzenia szkole\u0144 dla farmaceut\u00f3w &#8211; preparaty OTC (No-spa, Essentiale) oraz preparaty dermokosmetyczne &#8211; marki Iwostin oraz Emolium. Wykszta\u0142cenie wy\u017csze \u2013 SGH.<\/p>\n<h4><strong>Ewa Tobiasz<\/strong><\/h4>\n<p>Trener, coach, szkoleniowiec z do\u015bwiadczeniem na rynku farmaceutycznym oraz medycznym; Posiada szerokie kompetencje ds. sprzeda\u017cowych, zarz\u0105dzania projektami w bran\u017cy farmaceutyczno-medycznej.<\/p>\n","protected":false},"excerpt":{"rendered":"<p>Dr n. med. Piotr Rapiejko KIEROWNIK NAUKOWY PROJEKTU Z Kliniki Otolaryngologii i Onkologii Klinicznej z Klinicznym Oddzia\u0142em Chirurgii Czaszkowo-Szcz\u0119kowo-Twarzowej WIM w Warszawie. Prezes O\u015brodka Badania Alergen\u00f3w \u015arodowiskowych Sp. z o.o., Cz\u0142onek Zarz\u0105du G\u0142\u00f3wnego Polskiego Towarzystwa Alergologicznego. Prof. zw. dr hab. &hellip; <a href=\"https:\/\/akademiafarmaceuty.edu.pl\/2017\/wykladowcy\/\">Continued<\/a><\/p>\n","protected":false},"author":1,"featured_media":0,"parent":0,"menu_order":0,"comment_status":"closed","ping_status":"closed","template":"","meta":[],"_links":{"self":[{"href":"https:\/\/akademiafarmaceuty.edu.pl\/2017\/wp-json\/wp\/v2\/pages\/12"}],"collection":[{"href":"https:\/\/akademiafarmaceuty.edu.pl\/2017\/wp-json\/wp\/v2\/pages"}],"about":[{"href":"https:\/\/akademiafarmaceuty.edu.pl\/2017\/wp-json\/wp\/v2\/types\/page"}],"author":[{"embeddable":true,"href":"https:\/\/akademiafarmaceuty.edu.pl\/2017\/wp-json\/wp\/v2\/users\/1"}],"replies":[{"embeddable":true,"href":"https:\/\/akademiafarmaceuty.edu.pl\/2017\/wp-json\/wp\/v2\/comments?post=12"}],"version-history":[{"count":31,"href":"https:\/\/akademiafarmaceuty.edu.pl\/2017\/wp-json\/wp\/v2\/pages\/12\/revisions"}],"predecessor-version":[{"id":3811,"href":"https:\/\/akademiafarmaceuty.edu.pl\/2017\/wp-json\/wp\/v2\/pages\/12\/revisions\/3811"}],"wp:attachment":[{"href":"https:\/\/akademiafarmaceuty.edu.pl\/2017\/wp-json\/wp\/v2\/media?parent=12"}],"curies":[{"name":"wp","href":"https:\/\/api.w.org\/{rel}","templated":true}]}}