{"id":2,"date":"2016-02-03T04:08:41","date_gmt":"2016-02-03T04:08:41","guid":{"rendered":"http:\/\/wp442m.a10-52-158-154.qa.plesk.ru\/wordpress\/?page_id=2"},"modified":"2017-11-09T13:42:58","modified_gmt":"2017-11-09T12:42:58","slug":"zaproszenie","status":"publish","type":"page","link":"https:\/\/akademiafarmaceuty.edu.pl\/2017\/","title":{"rendered":"Dzi\u0119kujemy \u2013 kursy zako\u0144czone!"},"content":{"rendered":"<h4 style=\"text-align: left;\"><span style=\"color: #993366;\"><strong><a href=\"https:\/\/akademiafarmaceuty.edu.pl\/wp-content\/uploads\/2016\/02\/akademia1.jpg\"><img loading=\"lazy\" class=\"wp-image-3794 size-medium alignleft\" src=\"https:\/\/akademiafarmaceuty.edu.pl\/wp-content\/uploads\/2016\/02\/akademia1-300x169.jpg\" alt=\"\" width=\"300\" height=\"169\" srcset=\"https:\/\/akademiafarmaceuty.edu.pl\/2017\/wp-content\/uploads\/2016\/02\/akademia1-300x169.jpg 300w, https:\/\/akademiafarmaceuty.edu.pl\/2017\/wp-content\/uploads\/2016\/02\/akademia1-768x432.jpg 768w, https:\/\/akademiafarmaceuty.edu.pl\/2017\/wp-content\/uploads\/2016\/02\/akademia1.jpg 1024w\" sizes=\"(max-width: 300px) 100vw, 300px\" \/><\/a><\/strong><\/span><\/h4>\n<h4><strong>Kursem w Kielcach zako\u0144czyli\u015bmy cykl kurs\u00f3w szkoleniowych dla farmaceut\u00f3w pt. 12.\u201eKOMUNIKACJA I INFORMACJA O LEKU W PRACY APTEKARZA \u2013 WYBRANE ASPEKTY TEORETYCZNE I PRAKTYCZNE\u201d.<\/strong><\/h4>\n<p><strong>Pierwsze spotkanie mia\u0142o miejsce 19 lutego w Krakowie, a ostatnie 8 pa\u017adziernika w Kielcach.<\/strong><\/p>\n<p><strong>W sumie odwiedzili\u015bmy 11 miast na terenie ca\u0142ej Polski. Ca\u0142y cykl zgromadzi\u0142 ponad 3 tysi\u0105ce uczestnik\u00f3w.<\/strong><\/p>\n<p><strong>Serdecznie dzi\u0119kujemy wszystkim obecnym farmaceutom. Do zobaczenia ju\u017c wkr\u00f3tce!<\/strong><\/p>\n<h4 style=\"text-align: left;\"><span style=\"color: #993366;\"><strong>\u00a0<\/strong><\/span><\/h4>\n<hr \/>\n<p>&nbsp;<\/p>\n<div class=\"row\">\n<p>&nbsp;<\/p>\n<div class=\"col-md-4\">\n<h4><strong>KURS 12. KOMUNIKACJA I\u00a0INFORMACJA O\u00a0LEKU W\u00a0PRACY APTEKARZA \u2013\u00a0WYBRANE ASPEKTY TEORETYCZNE I\u00a0PRAKTYCZNE<\/strong><\/h4>\n<p>Serdecznie zapraszamy ju\u017c na V &#8211; Jubileuszow\u0105 edycj\u0119 cyklu kurs\u00f3w szkoleniowych dla farmaceut\u00f3w pt. &#8222;KURS\u00a012. KOMUNIKACJA I\u00a0INFORMACJA O\u00a0LEKU W\u00a0PRACY APTEKARZA \u2013\u00a0WYBRANE ASPEKTY TEORETYCZNE I\u00a0PRAKTYCZNE&#8221;.<\/p>\n<p>Pierwsze spotkanie odb\u0119dzie si\u0119 19 lutego w Krakowie, a ostatnie 8 pa\u017adziernika w Kielcach.<\/p>\n<p>W tym roku odwiedzimy 11 miast na terenie Polski.<\/p>\n<p>Serdecznie zapraszamy na kursy magistr\u00f3w farmacji a tak\u017ce technik\u00f3w farmaceutycznych.<\/p>\n<\/div>\n<div class=\"col-md-4\">\n<h4><\/h4>\n<p><img loading=\"lazy\" class=\"alignnone size-full wp-image-2433\" src=\"https:\/\/akademiafarmaceuty.edu.pl\/wp-content\/uploads\/2016\/02\/5lat.png\" alt=\"5 lat Akademii Farmaceuty!\" width=\"600\" height=\"608\" srcset=\"https:\/\/akademiafarmaceuty.edu.pl\/2017\/wp-content\/uploads\/2016\/02\/5lat.png 600w, https:\/\/akademiafarmaceuty.edu.pl\/2017\/wp-content\/uploads\/2016\/02\/5lat-296x300.png 296w\" sizes=\"(max-width: 600px) 100vw, 600px\" \/><\/p>\n<\/div>\n<div class=\"col-md-4\">\n<h4><strong>Podstawowe informacje<\/strong><\/h4>\n<ul>\n<li><strong>Wst\u0119p jest ca\u0142kowicie bezp\u0142atny<\/strong><\/li>\n<li><strong>10 punkt\u00f3w &#8222;twardych&#8221;<\/strong>\u00a0po zaliczeniu testu wiedzy po zako\u0144czeniu kursu<\/li>\n<li><strong>Punkty twarde<\/strong>\u00a0przyznaje Studium Kszta\u0142cenia Podyplomowego Wydzia\u0142u Farmaceutycznego Gda\u0144skiego Uniwersytetu Medycznego<\/li>\n<li><strong>Punkty mi\u0119kkie<\/strong>\u00a0przyznaje w\u0142a\u015bciwa Okr\u0119gowa Izba Aptekarska\/PTFarm<\/li>\n<li><strong>Czas trwania kursu:<\/strong>\u00a08:30\u201318:30<\/li>\n<li><strong>Certyfikat:<\/strong>\u00a0warunkiem uzyskania certyfikatu na miejscu szkolenia jest rejestracja na 5 dni przed dat\u0105 spotkania. Pozosta\u0142e osoby, kt\u00f3re zalicz\u0105 test b\u0119d\u0105 mog\u0142y odebra\u0107 certyfikat w izbach aptekarskich do kt\u00f3rych nale\u017c\u0105<\/li>\n<\/ul>\n<hr \/>\n<p><a href=\"\/poprzednie-kursy\/\">Zach\u0119camy do odwiedzenia stron internetowych poprzednich edycji spotka\u0144 dla farmaceut\u00f3w.<\/a><\/p>\n<\/div><\/div>\n<hr \/>\n<p style=\"text-align: center;\"><figure class=\"wp-block-embed wp-block-embed-youtube is-type-video is-provider-youtube epyt-figure\"><div class=\"wp-block-embed__wrapper\"><div class=\"epyt-video-wrapper\"><iframe  id=\"_ytid_64894\"  width=\"1140\" height=\"641\"  data-origwidth=\"1140\" data-origheight=\"641\" src=\"https:\/\/www.youtube.com\/embed\/z-cbx_Olz0E?enablejsapi=1&autoplay=0&cc_load_policy=0&cc_lang_pref=&iv_load_policy=3&loop=0&modestbranding=1&rel=0&fs=1&playsinline=0&autohide=2&theme=light&color=white&controls=1&\" class=\"__youtube_prefs__  no-lazyload\" title=\"YouTube player\"  allow=\"accelerometer; autoplay; clipboard-write; encrypted-media; gyroscope; picture-in-picture\" allowfullscreen data-no-lazy=\"1\" data-skipgform_ajax_framebjll=\"\"><\/iframe><\/div><\/div><\/figure>\n<p>&nbsp;<\/p>\n<hr \/>\n<div class=\"row\"> <div class=\"col-md-3\">\n<p style=\"text-align: center;\"><b>GRANT EDUKACYJNY<\/b><\/p>\n<p style=\"text-align: center;\"><a href=\"http:\/\/www.sanofi.pl\"><img loading=\"lazy\" class=\"wp-image-97 size-thumbnail aligncenter\" title=\"Sanofi\" src=\"https:\/\/akademiafarmaceuty.edu.pl\/wp-content\/uploads\/2016\/02\/logo_sanofi-150x150.png\" alt=\"Sanofi\" width=\"150\" height=\"150\" srcset=\"https:\/\/akademiafarmaceuty.edu.pl\/2017\/wp-content\/uploads\/2016\/02\/logo_sanofi-150x150.png 150w, https:\/\/akademiafarmaceuty.edu.pl\/2017\/wp-content\/uploads\/2016\/02\/logo_sanofi.png 300w\" sizes=\"(max-width: 150px) 100vw, 150px\" \/><\/a><\/p>\n<\/div><div class=\"col-md-3\">\n<p style=\"text-align: center;\"><b>GRANT EDUKACYJNY<\/b><\/p>\n<p style=\"text-align: center;\"><a href=\"http:\/\/www.nepentes.pl\"><img loading=\"lazy\" class=\"size-thumbnail wp-image-96 aligncenter\" src=\"https:\/\/akademiafarmaceuty.edu.pl\/wp-content\/uploads\/2016\/02\/logo_nepentes-150x150.png\" alt=\"Nepentes\" width=\"150\" height=\"150\" srcset=\"https:\/\/akademiafarmaceuty.edu.pl\/2017\/wp-content\/uploads\/2016\/02\/logo_nepentes-150x150.png 150w, https:\/\/akademiafarmaceuty.edu.pl\/2017\/wp-content\/uploads\/2016\/02\/logo_nepentes.png 300w\" sizes=\"(max-width: 150px) 100vw, 150px\" \/><\/a><\/p>\n<\/div><div class=\"col-md-3\">\n<p style=\"text-align: center;\"><b>ORGANIZATOR<\/b><\/p>\n<p style=\"text-align: center;\"><a href=\"http:\/\/www.gumed.edu.pl\"><img loading=\"lazy\" class=\"size-thumbnail wp-image-94 aligncenter\" src=\"https:\/\/akademiafarmaceuty.edu.pl\/wp-content\/uploads\/2016\/02\/logo_gum-150x150.png\" alt=\"GUM\" width=\"150\" height=\"150\" srcset=\"https:\/\/akademiafarmaceuty.edu.pl\/2017\/wp-content\/uploads\/2016\/02\/logo_gum-150x150.png 150w, https:\/\/akademiafarmaceuty.edu.pl\/2017\/wp-content\/uploads\/2016\/02\/logo_gum.png 300w\" sizes=\"(max-width: 150px) 100vw, 150px\" \/><\/a><\/p>\n<\/div><div class=\"col-md-3\">\n<p style=\"text-align: center;\"><b>WSP\u00d3\u0141ORGANIZATOR<\/b><\/p>\n<p style=\"text-align: center;\"><a href=\"http:\/\/www.grupaneoart.pl\"><img loading=\"lazy\" class=\"size-thumbnail wp-image-95 aligncenter\" src=\"https:\/\/akademiafarmaceuty.edu.pl\/wp-content\/uploads\/2016\/02\/logo_neoart-150x150.png\" alt=\"Grupa Neoart\" width=\"150\" height=\"150\" srcset=\"https:\/\/akademiafarmaceuty.edu.pl\/2017\/wp-content\/uploads\/2016\/02\/logo_neoart-150x150.png 150w, https:\/\/akademiafarmaceuty.edu.pl\/2017\/wp-content\/uploads\/2016\/02\/logo_neoart.png 300w\" sizes=\"(max-width: 150px) 100vw, 150px\" \/><\/a><\/p>\n<\/div><\/div>\n","protected":false},"excerpt":{"rendered":"<p>Kursem w Kielcach zako\u0144czyli\u015bmy cykl kurs\u00f3w szkoleniowych dla farmaceut\u00f3w pt. 12.\u201eKOMUNIKACJA I INFORMACJA O LEKU W PRACY APTEKARZA \u2013 WYBRANE ASPEKTY TEORETYCZNE I PRAKTYCZNE\u201d. Pierwsze spotkanie mia\u0142o miejsce 19 lutego w Krakowie, a ostatnie 8 pa\u017adziernika w Kielcach. W sumie &hellip; <a href=\"https:\/\/akademiafarmaceuty.edu.pl\/2017\/\">Continued<\/a><\/p>\n","protected":false},"author":1,"featured_media":0,"parent":0,"menu_order":0,"comment_status":"closed","ping_status":"open","template":"","meta":[],"_links":{"self":[{"href":"https:\/\/akademiafarmaceuty.edu.pl\/2017\/wp-json\/wp\/v2\/pages\/2"}],"collection":[{"href":"https:\/\/akademiafarmaceuty.edu.pl\/2017\/wp-json\/wp\/v2\/pages"}],"about":[{"href":"https:\/\/akademiafarmaceuty.edu.pl\/2017\/wp-json\/wp\/v2\/types\/page"}],"author":[{"embeddable":true,"href":"https:\/\/akademiafarmaceuty.edu.pl\/2017\/wp-json\/wp\/v2\/users\/1"}],"replies":[{"embeddable":true,"href":"https:\/\/akademiafarmaceuty.edu.pl\/2017\/wp-json\/wp\/v2\/comments?post=2"}],"version-history":[{"count":63,"href":"https:\/\/akademiafarmaceuty.edu.pl\/2017\/wp-json\/wp\/v2\/pages\/2\/revisions"}],"predecessor-version":[{"id":4469,"href":"https:\/\/akademiafarmaceuty.edu.pl\/2017\/wp-json\/wp\/v2\/pages\/2\/revisions\/4469"}],"wp:attachment":[{"href":"https:\/\/akademiafarmaceuty.edu.pl\/2017\/wp-json\/wp\/v2\/media?parent=2"}],"curies":[{"name":"wp","href":"https:\/\/api.w.org\/{rel}","templated":true}]}}