{"id":2,"date":"2016-02-03T04:08:41","date_gmt":"2016-02-03T04:08:41","guid":{"rendered":"http:\/\/wp442m.a10-52-158-154.qa.plesk.ru\/wordpress\/?page_id=2"},"modified":"2018-08-20T12:24:34","modified_gmt":"2018-08-20T11:24:34","slug":"zaproszenie","status":"publish","type":"page","link":"https:\/\/akademiafarmaceuty.edu.pl\/2018\/","title":{"rendered":"Serdecznie zapraszamy magistr\u00f3w farmacji i technik\u00f3w farmaceutycznych!"},"content":{"rendered":"<h4 style=\"text-align: center;\"><img loading=\"lazy\" class=\"aligncenter size-full wp-image-5664\" src=\"https:\/\/akademiafarmaceuty.edu.pl\/wp-content\/uploads\/2018\/05\/akademia_wiosna2018.jpg\" alt=\"\" width=\"1024\" height=\"406\" srcset=\"https:\/\/akademiafarmaceuty.edu.pl\/2018\/wp-content\/uploads\/2018\/05\/akademia_wiosna2018.jpg 1024w, https:\/\/akademiafarmaceuty.edu.pl\/2018\/wp-content\/uploads\/2018\/05\/akademia_wiosna2018-300x119.jpg 300w, https:\/\/akademiafarmaceuty.edu.pl\/2018\/wp-content\/uploads\/2018\/05\/akademia_wiosna2018-768x305.jpg 768w\" sizes=\"(max-width: 1024px) 100vw, 1024px\" \/><\/h4>\n<h4 style=\"text-align: center;\"><span style=\"color: #000000;\"><a href=\"https:\/\/akademiafarmaceuty.edu.pl\/rejestracja\/\">Zapraszamy do rejestracji na jesienne spotkania szkoleniowe\u00a0pt.:<\/a><\/span><\/h4>\n<h3 style=\"text-align: center;\"><span style=\"color: #6c2019;\"><strong>KURS\u00a01.13 WP\u0141YW CZYNNIK\u00d3W FIZJOLOGICZNYCH I\u00a0PATOLOGICZNYCH NA DZIA\u0141ANIE LEK\u00d3W (INDYWIDUALIZACJA FARMAKOTERAPII)<\/strong><\/span><\/h3>\n<hr \/>\n<ul>\n<li><strong>Wst\u0119p jest ca\u0142kowicie bezp\u0142atny<\/strong><\/li>\n<li><strong>Uczestnicy otrzymuj\u0105 10 punkt\u00f3w &#8222;twardych&#8221;<\/strong>\u00a0po zaliczeniu testu wiedzy po zako\u0144czeniu kursu<\/li>\n<li><strong>Punkty twarde<\/strong>\u00a0przyznaje Studium Kszta\u0142cenia Podyplomowego Wydzia\u0142u Farmaceutycznego Gda\u0144skiego Uniwersytetu Medycznego<\/li>\n<li><strong>Punkty mi\u0119kkie<\/strong>\u00a0przyznaje w\u0142a\u015bciwa Okr\u0119gowa Izba Aptekarska\/PTFarm<\/li>\n<li><strong>Czas trwania kursu:<\/strong>\u00a08:30\u201318:30<\/li>\n<li><strong>Certyfikat:<\/strong>\u00a0warunkiem uzyskania certyfikatu na miejscu szkolenia jest rejestracja na 5 dni przed dat\u0105 spotkania.<\/li>\n<\/ul>\n<hr \/>\n<p style=\"text-align: center;\"><strong><a href=\"\/poprzednie-kursy\/\">Zach\u0119camy do odwiedzenia stron internetowych poprzednich edycji spotka\u0144 dla farmaceut\u00f3w.<\/a><\/strong><\/p>\n<hr \/>\n<div class=\"row\"> <div class=\"col-md-3\">\n<p style=\"text-align: center;\"><b>GRANT EDUKACYJNY<\/b><\/p>\n<p style=\"text-align: center;\"><a href=\"http:\/\/www.sanofi.pl\"><img loading=\"lazy\" class=\"wp-image-97 size-thumbnail aligncenter\" title=\"Sanofi\" src=\"https:\/\/akademiafarmaceuty.edu.pl\/wp-content\/uploads\/2016\/02\/logo_sanofi-150x150.png\" alt=\"Sanofi\" width=\"150\" height=\"150\" srcset=\"https:\/\/akademiafarmaceuty.edu.pl\/2018\/wp-content\/uploads\/2016\/02\/logo_sanofi-150x150.png 150w, https:\/\/akademiafarmaceuty.edu.pl\/2018\/wp-content\/uploads\/2016\/02\/logo_sanofi.png 300w\" sizes=\"(max-width: 150px) 100vw, 150px\" \/><\/a><\/p>\n<\/div><div class=\"col-md-3\">\n<p style=\"text-align: center;\"><b>GRANT EDUKACYJNY<\/b><\/p>\n<p style=\"text-align: center;\"><a href=\"http:\/\/www.nepentes.pl\"><img loading=\"lazy\" class=\"size-thumbnail wp-image-96 aligncenter\" src=\"https:\/\/akademiafarmaceuty.edu.pl\/wp-content\/uploads\/2016\/02\/logo_nepentes-150x150.png\" alt=\"Nepentes\" width=\"150\" height=\"150\" srcset=\"https:\/\/akademiafarmaceuty.edu.pl\/2018\/wp-content\/uploads\/2016\/02\/logo_nepentes-150x150.png 150w, https:\/\/akademiafarmaceuty.edu.pl\/2018\/wp-content\/uploads\/2016\/02\/logo_nepentes.png 300w\" sizes=\"(max-width: 150px) 100vw, 150px\" \/><\/a><\/p>\n<\/div><div class=\"col-md-3\">\n<p style=\"text-align: center;\"><b>ORGANIZATOR<\/b><\/p>\n<p style=\"text-align: center;\"><a href=\"http:\/\/www.gumed.edu.pl\"><img loading=\"lazy\" class=\"size-thumbnail wp-image-94 aligncenter\" src=\"https:\/\/akademiafarmaceuty.edu.pl\/wp-content\/uploads\/2016\/02\/logo_gum-150x150.png\" alt=\"GUM\" width=\"150\" height=\"150\" srcset=\"https:\/\/akademiafarmaceuty.edu.pl\/2018\/wp-content\/uploads\/2016\/02\/logo_gum-150x150.png 150w, https:\/\/akademiafarmaceuty.edu.pl\/2018\/wp-content\/uploads\/2016\/02\/logo_gum.png 300w\" sizes=\"(max-width: 150px) 100vw, 150px\" \/><\/a><\/p>\n<\/div><div class=\"col-md-3\">\n<p style=\"text-align: center;\"><b>WSP\u00d3\u0141ORGANIZATOR<\/b><\/p>\n<p style=\"text-align: center;\"><a href=\"http:\/\/www.grupaneoart.pl\"><img loading=\"lazy\" class=\"size-thumbnail wp-image-95 aligncenter\" src=\"https:\/\/akademiafarmaceuty.edu.pl\/wp-content\/uploads\/2016\/02\/logo_neoart-150x150.png\" alt=\"Grupa Neoart\" width=\"150\" height=\"150\" srcset=\"https:\/\/akademiafarmaceuty.edu.pl\/2018\/wp-content\/uploads\/2016\/02\/logo_neoart-150x150.png 150w, https:\/\/akademiafarmaceuty.edu.pl\/2018\/wp-content\/uploads\/2016\/02\/logo_neoart.png 300w\" sizes=\"(max-width: 150px) 100vw, 150px\" \/><\/a><\/p>\n<\/div><\/div>\n","protected":false},"excerpt":{"rendered":"<p>Zapraszamy do rejestracji na jesienne spotkania szkoleniowe\u00a0pt.: KURS\u00a01.13 WP\u0141YW CZYNNIK\u00d3W FIZJOLOGICZNYCH I\u00a0PATOLOGICZNYCH NA DZIA\u0141ANIE LEK\u00d3W (INDYWIDUALIZACJA FARMAKOTERAPII) Wst\u0119p jest ca\u0142kowicie bezp\u0142atny Uczestnicy otrzymuj\u0105 10 punkt\u00f3w &#8222;twardych&#8221;\u00a0po zaliczeniu testu wiedzy po zako\u0144czeniu kursu Punkty twarde\u00a0przyznaje Studium Kszta\u0142cenia Podyplomowego Wydzia\u0142u Farmaceutycznego Gda\u0144skiego &hellip; <a href=\"https:\/\/akademiafarmaceuty.edu.pl\/2018\/\">Continued<\/a><\/p>\n","protected":false},"author":1,"featured_media":0,"parent":0,"menu_order":0,"comment_status":"closed","ping_status":"open","template":"","meta":[],"_links":{"self":[{"href":"https:\/\/akademiafarmaceuty.edu.pl\/2018\/wp-json\/wp\/v2\/pages\/2"}],"collection":[{"href":"https:\/\/akademiafarmaceuty.edu.pl\/2018\/wp-json\/wp\/v2\/pages"}],"about":[{"href":"https:\/\/akademiafarmaceuty.edu.pl\/2018\/wp-json\/wp\/v2\/types\/page"}],"author":[{"embeddable":true,"href":"https:\/\/akademiafarmaceuty.edu.pl\/2018\/wp-json\/wp\/v2\/users\/1"}],"replies":[{"embeddable":true,"href":"https:\/\/akademiafarmaceuty.edu.pl\/2018\/wp-json\/wp\/v2\/comments?post=2"}],"version-history":[{"count":90,"href":"https:\/\/akademiafarmaceuty.edu.pl\/2018\/wp-json\/wp\/v2\/pages\/2\/revisions"}],"predecessor-version":[{"id":5740,"href":"https:\/\/akademiafarmaceuty.edu.pl\/2018\/wp-json\/wp\/v2\/pages\/2\/revisions\/5740"}],"wp:attachment":[{"href":"https:\/\/akademiafarmaceuty.edu.pl\/2018\/wp-json\/wp\/v2\/media?parent=2"}],"curies":[{"name":"wp","href":"https:\/\/api.w.org\/{rel}","templated":true}]}}