{"id":105,"date":"2016-02-22T13:45:44","date_gmt":"2016-02-22T12:45:44","guid":{"rendered":"https:\/\/akademiafarmaceuty.edu.pl\/?page_id=105"},"modified":"2019-01-23T15:45:17","modified_gmt":"2019-01-23T14:45:17","slug":"program-ramowy","status":"publish","type":"page","link":"https:\/\/akademiafarmaceuty.edu.pl\/2019\/program-ramowy\/","title":{"rendered":"Program ramowy"},"content":{"rendered":"<p style=\"text-align: center;\"><em>Program ramowy \u2013 pomi\u0119dzy poszczeg\u00f3lnymi miastami mog\u0105 wyst\u0119powa\u0107 drobne r\u00f3\u017cnice.<br \/>\nSzczeg\u00f3\u0142owe programy s\u0105 publikowane\u00a0w tre\u015bci zaprosze\u0144.<\/em><\/p>\n<hr \/>\n<ul>\n<li style=\"text-align: left;\"><strong>07.30 \u2013\u00a008.30<\/strong>\u00a0Rejestracja uczestnik\u00f3w<\/li>\n<\/ul>\n<p style=\"text-align: center;\"><strong>Cz\u0119\u015b\u0107 I.\u00a0Kurs na punkty \u201emi\u0119kkie\u201c 2 pkt.<\/strong><\/p>\n<ul>\n<li style=\"text-align: left;\"><strong>08.30 \u2013\u00a008.35<\/strong> Otwarcie konferencji \u2013 powitanie farmaceut\u00f3w<\/li>\n<li style=\"text-align: left;\"><strong>08.35 \u2013 09.10<\/strong> Higiena snu. Jak spa\u0107 by si\u0119 wyspa\u0107?<br \/>\n<em>Prowadz\u0105cy: Prof. dr hab. n. med.\u00a0Przemys\u0142aw Bie\u0144kowski\u00a0<\/em><\/li>\n<li style=\"text-align: left;\">\u00a0<strong>09.10 \u2013 09.15<\/strong>\u00a0Rozpocz\u0119cie cz\u0119\u015bci na punkty twarde<\/li>\n<\/ul>\n<p style=\"text-align: center;\"><strong>Cz\u0119\u015b\u0107 II. Kurs na punkty \u201etwarde\u201d 6 pkt.<br \/>\n<\/strong><strong>1.5. Temat kursu: POST\u0118PY W FARMAKOTERAPII CHOR\u00d3B UK\u0141ADU POKARMOWEGO<\/strong><\/p>\n<ul>\n<li style=\"text-align: left;\"><strong>09.15 \u2013 10.00<\/strong> Farmakoterapia choroby refluksowej i wrzodowej. Temat og\u00f3lny, wprowadzaj\u0105cy w tematyk\u0119 przewodu pokarmowego<br \/>\n<em>Prowadz\u0105cy: Prof. zw. dr hab. n. med. Wojciech Cichy<\/em><\/li>\n<li style=\"text-align: left;\"><strong>10.00 \u2013\u00a010.45<\/strong> Jak nakarmi\u0107 m\u00f3zg? Dieta, zaburzenia wch\u0142aniania a uk\u0142ad nerwowy<br \/>\n<em>Prowadz\u0105cy: Prof. dr hab. n. med. Przemys\u0142aw Bie\u0144kowski<\/em><\/li>\n<li style=\"text-align: left;\"><strong>10.45 \u2013 10.55<\/strong>\u00a0Przerwa kawowa<\/li>\n<li style=\"text-align: left;\"><strong>10.55 \u2013 11.40<\/strong> Makrogol 4000, osmotyczny \u015brodek przeczyszczaj\u0105cy. Budowa i mechanizm dzia\u0142ania<br \/>\n<em>Prowadz\u0105cy: Dr n. farm. Przemys\u0142aw Talik\u00a0<\/em><\/li>\n<li style=\"text-align: left;\"><strong>11.40 \u2013\u00a012.25<\/strong>\u00a0Choroby czynno\u015bciowe przewodu pokarmowego wed\u0142ug Klasyfikacji Rzymskiej 2016<br \/>\n<em>Prowadz\u0105cy: Prof. zw. dr hab. n. med. Wojciech Cichy<\/em><\/li>\n<li style=\"text-align: left;\"><strong>12.25 \u2013\u00a013.10<\/strong>\u00a0Farmakoterapia wirusowego zapalenia w\u0105troby oraz ostrego i przewlek\u0142ego zapalenia trzustki<br \/>\nChoroby w\u0105troby &#8211; NAFLD &#8211; identyfikacja grup ryzyka, wczesna interwencja<br \/>\n<em>Prowadz\u0105cy: dr hab. n. med. Micha\u0142 Kukla<\/em><\/li>\n<li style=\"text-align: left;\"><strong>13.10 \u2013 13.55<\/strong>\u00a0Leki wp\u0142ywaj\u0105ce na motoryk\u0119 przewodu pokarmowego w tym leki stosowane w czynno\u015bciowych zaburzeniach jelit<br \/>\n<em>Prowadz\u0105cy: Prof. zw. dr hab. n. med. Wojciech Cichy<\/em><\/li>\n<li style=\"text-align: left;\"><strong>13.55 \u2013 14.15<\/strong>\u00a0Przerwa lunchowa<\/li>\n<\/ul>\n<p style=\"text-align: center;\"><strong>Cz\u0119\u015b\u0107 III.\u00a0Kurs na punkty \u201etwarde\u201c 4 pkt.<br \/>\n<\/strong><strong>1.25. Temat kursu: POST\u0118PY W FARMAKOTERAPII CHOR\u00d3B ALERGICZNYCH\u00a0<\/strong><\/p>\n<ul>\n<li style=\"text-align: left;\"><strong>14.15 \u2013 15.00<\/strong>\u00a0Og\u00f3lne zasady farmakoterapii chor\u00f3b alergicznych. Zasady diagnostyki alergii. Temat og\u00f3lny, wprowadzaj\u0105cy w tematyk\u0119 alergologii<br \/>\nAlergiczny nie\u017cyt nosa i jego leczenie<br \/>\n<em>Prowadz\u0105cy: Dr n. med. Piotr Rapiejko\u00a0<\/em><\/li>\n<li style=\"text-align: left;\"><strong>15.00 \u2013 15.45<\/strong>\u00a0Strategie leczenia astmy oskrzelowej i stanu astmatycznego<br \/>\n<em>Prowadz\u0105cy: dr hab. n. med. Adam J. Sybilski<\/em><\/li>\n<li style=\"text-align: left;\"><strong>15.45 \u2013 16.30<\/strong>\u00a0\u0141ysienie androgenowe i problem wypadania w\u0142os\u00f3w<br \/>\n<em>Prowadz\u0105cy: Prof. dr hab. n. med. Aleksandra Lesiak<\/em><\/li>\n<li style=\"text-align: left;\"><strong>16.30 \u2013 17.15<\/strong>\u00a0Alergie pokarmowe. Podsumowanie problemu chor\u00f3b alergicznych<br \/>\n<em>Prowadz\u0105cy: Dr n. med. Piotr Rapiejko<\/em><\/li>\n<li style=\"text-align: left;\"><strong>17.15 \u2013 17.35<\/strong>\u00a0Test sprawdzaj\u0105cy wiedz\u0119<br \/>\n<em>Kierownik naukowy kursu: dr n. med. Piotr Rapiejko\u00a0<\/em><\/li>\n<\/ul>\n","protected":false},"excerpt":{"rendered":"<p>Program ramowy \u2013 pomi\u0119dzy poszczeg\u00f3lnymi miastami mog\u0105 wyst\u0119powa\u0107 drobne r\u00f3\u017cnice. Szczeg\u00f3\u0142owe programy s\u0105 publikowane\u00a0w tre\u015bci zaprosze\u0144. 07.30 \u2013\u00a008.30\u00a0Rejestracja uczestnik\u00f3w Cz\u0119\u015b\u0107 I.\u00a0Kurs na punkty \u201emi\u0119kkie\u201c 2 pkt. 08.30 \u2013\u00a008.35 Otwarcie konferencji \u2013 powitanie farmaceut\u00f3w 08.35 \u2013 09.10 Higiena snu. Jak spa\u0107 &hellip; <a href=\"https:\/\/akademiafarmaceuty.edu.pl\/2019\/program-ramowy\/\">Continued<\/a><\/p>\n","protected":false},"author":1,"featured_media":0,"parent":0,"menu_order":0,"comment_status":"closed","ping_status":"closed","template":"","meta":[],"_links":{"self":[{"href":"https:\/\/akademiafarmaceuty.edu.pl\/2019\/wp-json\/wp\/v2\/pages\/105"}],"collection":[{"href":"https:\/\/akademiafarmaceuty.edu.pl\/2019\/wp-json\/wp\/v2\/pages"}],"about":[{"href":"https:\/\/akademiafarmaceuty.edu.pl\/2019\/wp-json\/wp\/v2\/types\/page"}],"author":[{"embeddable":true,"href":"https:\/\/akademiafarmaceuty.edu.pl\/2019\/wp-json\/wp\/v2\/users\/1"}],"replies":[{"embeddable":true,"href":"https:\/\/akademiafarmaceuty.edu.pl\/2019\/wp-json\/wp\/v2\/comments?post=105"}],"version-history":[{"count":21,"href":"https:\/\/akademiafarmaceuty.edu.pl\/2019\/wp-json\/wp\/v2\/pages\/105\/revisions"}],"predecessor-version":[{"id":6884,"href":"https:\/\/akademiafarmaceuty.edu.pl\/2019\/wp-json\/wp\/v2\/pages\/105\/revisions\/6884"}],"wp:attachment":[{"href":"https:\/\/akademiafarmaceuty.edu.pl\/2019\/wp-json\/wp\/v2\/media?parent=105"}],"curies":[{"name":"wp","href":"https:\/\/api.w.org\/{rel}","templated":true}]}}