{"id":134,"date":"2016-02-22T15:12:32","date_gmt":"2016-02-22T14:12:32","guid":{"rendered":"https:\/\/akademiafarmaceuty.edu.pl\/?page_id=134"},"modified":"2019-01-16T16:52:28","modified_gmt":"2019-01-16T15:52:28","slug":"poprzednie-kursy","status":"publish","type":"page","link":"https:\/\/akademiafarmaceuty.edu.pl\/2019\/poprzednie-kursy\/","title":{"rendered":"Poprzednie kursy"},"content":{"rendered":"\n\t\t<style type=\"text\/css\">\n\t\t\t#gallery-1 {\n\t\t\t\tmargin: auto;\n\t\t\t}\n\t\t\t#gallery-1 .gallery-item {\n\t\t\t\tfloat: left;\n\t\t\t\tmargin-top: 10px;\n\t\t\t\ttext-align: center;\n\t\t\t\twidth: 33%;\n\t\t\t}\n\t\t\t#gallery-1 img {\n\t\t\t\tborder: 2px solid #cfcfcf;\n\t\t\t}\n\t\t\t#gallery-1 .gallery-caption {\n\t\t\t\tmargin-left: 0;\n\t\t\t}\n\t\t\t\/* see gallery_shortcode() in wp-includes\/media.php *\/\n\t\t<\/style>\n\t\t<div id='gallery-1' class='gallery galleryid-134 gallery-columns-3 gallery-size-medium'><dl class='gallery-item'>\n\t\t\t<dt class='gallery-icon landscape'>\n\t\t\t\t<a class=\"thumbnail\" href='https:\/\/akademiafarmaceuty.edu.pl\/2019\/wp-content\/uploads\/2016\/02\/foto-3.jpg'><img width=\"300\" height=\"169\" src=\"https:\/\/akademiafarmaceuty.edu.pl\/2019\/wp-content\/uploads\/2016\/02\/foto-3-300x169.jpg\" class=\"attachment-medium size-medium\" alt=\"\" loading=\"lazy\" srcset=\"https:\/\/akademiafarmaceuty.edu.pl\/2019\/wp-content\/uploads\/2016\/02\/foto-3-300x169.jpg 300w, https:\/\/akademiafarmaceuty.edu.pl\/2019\/wp-content\/uploads\/2016\/02\/foto-3-768x432.jpg 768w, https:\/\/akademiafarmaceuty.edu.pl\/2019\/wp-content\/uploads\/2016\/02\/foto-3.jpg 1024w\" sizes=\"(max-width: 300px) 100vw, 300px\" \/><\/a>\n\t\t\t<\/dt><\/dl><dl class='gallery-item'>\n\t\t\t<dt class='gallery-icon landscape'>\n\t\t\t\t<a class=\"thumbnail\" href='https:\/\/akademiafarmaceuty.edu.pl\/2019\/wp-content\/uploads\/2016\/02\/foto-2.jpg'><img width=\"300\" height=\"169\" src=\"https:\/\/akademiafarmaceuty.edu.pl\/2019\/wp-content\/uploads\/2016\/02\/foto-2-300x169.jpg\" class=\"attachment-medium size-medium\" alt=\"\" loading=\"lazy\" srcset=\"https:\/\/akademiafarmaceuty.edu.pl\/2019\/wp-content\/uploads\/2016\/02\/foto-2-300x169.jpg 300w, https:\/\/akademiafarmaceuty.edu.pl\/2019\/wp-content\/uploads\/2016\/02\/foto-2-768x432.jpg 768w, https:\/\/akademiafarmaceuty.edu.pl\/2019\/wp-content\/uploads\/2016\/02\/foto-2.jpg 1024w\" sizes=\"(max-width: 300px) 100vw, 300px\" \/><\/a>\n\t\t\t<\/dt><\/dl><dl class='gallery-item'>\n\t\t\t<dt class='gallery-icon landscape'>\n\t\t\t\t<a class=\"thumbnail\" href='https:\/\/akademiafarmaceuty.edu.pl\/2019\/wp-content\/uploads\/2016\/02\/foto-1.jpg'><img width=\"300\" height=\"169\" src=\"https:\/\/akademiafarmaceuty.edu.pl\/2019\/wp-content\/uploads\/2016\/02\/foto-1-300x169.jpg\" class=\"attachment-medium size-medium\" alt=\"\" loading=\"lazy\" srcset=\"https:\/\/akademiafarmaceuty.edu.pl\/2019\/wp-content\/uploads\/2016\/02\/foto-1-300x169.jpg 300w, https:\/\/akademiafarmaceuty.edu.pl\/2019\/wp-content\/uploads\/2016\/02\/foto-1-768x432.jpg 768w, https:\/\/akademiafarmaceuty.edu.pl\/2019\/wp-content\/uploads\/2016\/02\/foto-1.jpg 1024w\" sizes=\"(max-width: 300px) 100vw, 300px\" \/><\/a>\n\t\t\t<\/dt><\/dl><br style=\"clear: both\" \/>\n\t\t<\/div>\n\n<p><strong>Zapraszamy do odwiedzenia stron internetowych naszych poprzednich projekt\u00f3w:<\/strong><\/p>\n<ul>\n<li><a href=\"http:\/\/www.akademiafarmaceuty.edu.pl\/2018\" target=\"_blank\" rel=\"noopener\">Akademia Farmaceuty Sanofi 2018<\/a>\u00a0&#8211; Kurs 1.13. Wp\u0142yw czynnik\u00f3w fizjologicznych i patologicznych na dzia\u0142anie lek\u00f3w (indywidualizacja farmakoterapii)<\/li>\n<li><a href=\"http:\/\/www.akademiafarmaceuty.edu.pl\/2017\" target=\"_blank\" rel=\"noopener\">Akademia Farmaceuty Sanofi 2017<\/a>\u00a0&#8211;\u00a0Kurs 12. Komunikacja i informacja o leku w pracy aptekarza \u2013 wybrane aspekty teoretyczne i praktyczne<\/li>\n<li><a href=\"http:\/\/www.akademiafarmaceuty.edu.pl\/2016\" target=\"_blank\" rel=\"noopener\">Akademia Farmaceuty Sanofi 2016<\/a>\u00a0&#8211;\u00a0Kurs 1.42. Proces decyzyjny w opiece farmaceutycznej \u2013 podejmowanie decyzji terapeutycznych i analiza ich konsekwencji<\/li>\n<li><a href=\"http:\/\/www.akademiafarmaceuty.edu.pl\/2015\" target=\"_blank\" rel=\"noopener\">Akademia Farmaceuty Sanofi 2015<\/a>\u00a0&#8211;\u00a0Metody zwi\u0119kszania skuteczno\u015bci i bezpiecze\u0144stwa leczenia farmakologicznego<\/li>\n<li><a href=\"http:\/\/www.akademiafarmaceuty.edu.pl\/2014\" target=\"_blank\" rel=\"noopener\">Akademia Farmaceuty Sanofi 2014<\/a>\u00a0&#8211; Farmakoterapia chor\u00f3b jamy ustnej, gard\u0142a, krtani, nosa i ucha<\/li>\n<\/ul>\n","protected":false},"excerpt":{"rendered":"<p>Zapraszamy do odwiedzenia stron internetowych naszych poprzednich projekt\u00f3w: Akademia Farmaceuty Sanofi 2018\u00a0&#8211; Kurs 1.13. Wp\u0142yw czynnik\u00f3w fizjologicznych i patologicznych na dzia\u0142anie lek\u00f3w (indywidualizacja farmakoterapii) Akademia Farmaceuty Sanofi 2017\u00a0&#8211;\u00a0Kurs 12. Komunikacja i informacja o leku w pracy aptekarza \u2013 wybrane aspekty &hellip; <a href=\"https:\/\/akademiafarmaceuty.edu.pl\/2019\/poprzednie-kursy\/\">Continued<\/a><\/p>\n","protected":false},"author":1,"featured_media":0,"parent":0,"menu_order":0,"comment_status":"closed","ping_status":"closed","template":"","meta":[],"_links":{"self":[{"href":"https:\/\/akademiafarmaceuty.edu.pl\/2019\/wp-json\/wp\/v2\/pages\/134"}],"collection":[{"href":"https:\/\/akademiafarmaceuty.edu.pl\/2019\/wp-json\/wp\/v2\/pages"}],"about":[{"href":"https:\/\/akademiafarmaceuty.edu.pl\/2019\/wp-json\/wp\/v2\/types\/page"}],"author":[{"embeddable":true,"href":"https:\/\/akademiafarmaceuty.edu.pl\/2019\/wp-json\/wp\/v2\/users\/1"}],"replies":[{"embeddable":true,"href":"https:\/\/akademiafarmaceuty.edu.pl\/2019\/wp-json\/wp\/v2\/comments?post=134"}],"version-history":[{"count":11,"href":"https:\/\/akademiafarmaceuty.edu.pl\/2019\/wp-json\/wp\/v2\/pages\/134\/revisions"}],"predecessor-version":[{"id":6864,"href":"https:\/\/akademiafarmaceuty.edu.pl\/2019\/wp-json\/wp\/v2\/pages\/134\/revisions\/6864"}],"wp:attachment":[{"href":"https:\/\/akademiafarmaceuty.edu.pl\/2019\/wp-json\/wp\/v2\/media?parent=134"}],"curies":[{"name":"wp","href":"https:\/\/api.w.org\/{rel}","templated":true}]}}