{"id":2,"date":"2016-02-03T04:08:41","date_gmt":"2016-02-03T04:08:41","guid":{"rendered":"http:\/\/wp442m.a10-52-158-154.qa.plesk.ru\/wordpress\/?page_id=2"},"modified":"2021-02-10T18:23:00","modified_gmt":"2021-02-10T17:23:00","slug":"zaproszenie","status":"publish","type":"page","link":"https:\/\/akademiafarmaceuty.edu.pl\/2020stacjonarne\/","title":{"rendered":"Witaj na stronie kurs\u00f3w &#8222;Akademia Farmaceuty&#8221;"},"content":{"rendered":"<h1 style=\"text-align: center;\">UWAGA! TO JEST STRONA ARCHIWALNA (KURSY STACJONARNE W ROKU 2020).<\/h1>\r\n<h3 style=\"text-align: center;\"><a href=\"https:\/\/www.akademiafarmaceuty.edu.pl\/online\">OSOBY ZAINTERESOWANE KOLEJNYMI SZKOLENIAMI ZAPRASZAMY NA NOW\u0104 STRON\u0118 AKADEMII FARMACEUTY!<\/a><\/h3>\r\n<hr \/>\r\n<p>&nbsp;<\/p>\r\n<h4 style=\"text-align: center;\"><span style=\"color: #00a57b;\"><strong>Kurs 1.12.<\/strong><\/span><br \/><span style=\"color: #00a57b;\">KOMUNIKACJA I INFORMACJA O LEKU W PRACY APTEKARZA \u2013\u00a0WYBRANE ASPEKTY TEORETYCZNE I\u00a0PRAKTYCZNE<\/span><\/h4>\r\n<h4><img loading=\"lazy\" class=\"aligncenter wp-image-10444 size-medium\" src=\"https:\/\/akademiafarmaceuty.edu.pl\/2020\/wp-content\/uploads\/2020\/02\/tulipany-300x130.jpg\" alt=\"\" width=\"300\" height=\"130\" srcset=\"https:\/\/akademiafarmaceuty.edu.pl\/2020stacjonarne\/wp-content\/uploads\/2020\/02\/tulipany-300x130.jpg 300w, https:\/\/akademiafarmaceuty.edu.pl\/2020stacjonarne\/wp-content\/uploads\/2020\/02\/tulipany-768x333.jpg 768w, https:\/\/akademiafarmaceuty.edu.pl\/2020stacjonarne\/wp-content\/uploads\/2020\/02\/tulipany-1024x444.jpg 1024w, https:\/\/akademiafarmaceuty.edu.pl\/2020stacjonarne\/wp-content\/uploads\/2020\/02\/tulipany.jpg 1602w\" sizes=\"(max-width: 300px) 100vw, 300px\" \/><\/h4>\r\n<hr \/>\r\n<p style=\"text-align: center;\"><strong>Wst\u0119p jest ca\u0142kowicie bezp\u0142atny<\/strong><\/p>\r\n<p style=\"text-align: center;\"><strong>Uczestnicy otrzymuj\u0105 za oba kursy w sumie 10 punkt\u00f3w \u201etwardych\u201d<\/strong>\u00a0po zaliczeniu testu wiedzy po zako\u0144czeniu kurs\u00f3w<\/p>\r\n<p style=\"text-align: center;\"><strong>Punkty twarde<\/strong>\u00a0przyznaje Studium Kszta\u0142cenia Podyplomowego Wydzia\u0142u Farmaceutycznego Gda\u0144skiego Uniwersytetu Medycznego<\/p>\r\n<p style=\"text-align: center;\"><strong>Punkty mi\u0119kkie<\/strong>\u00a0przyznaje w\u0142a\u015bciwa Okr\u0119gowa Izba Aptekarska\/PTFarm<\/p>\r\n<p style=\"text-align: center;\"><strong>Certyfikaty:<\/strong>\u00a0warunkiem uzyskania certyfikat\u00f3w na miejscu szkolenia jest rejestracja na 5 dni przed dat\u0105 spotkania<\/p>\r\n<hr class=\"wp-block-separator\" \/>\r\n<div class=\"wp-block-columns has-3-columns\">\r\n<div class=\"wp-block-column\">\r\n<p style=\"text-align: center;\"><strong>Grant edukacyjny<\/strong><\/p>\r\n\r\n\r\n\r\n<div class=\"wp-block-image\">\r\n<figure class=\"aligncenter\"><img loading=\"lazy\" width=\"150\" height=\"150\" class=\"wp-image-97\" src=\"https:\/\/akademiafarmaceuty.edu.pl\/2020\/wp-content\/uploads\/2016\/02\/logo_sanofi-150x150.png\" alt=\"Sanofi\" srcset=\"https:\/\/akademiafarmaceuty.edu.pl\/2020stacjonarne\/wp-content\/uploads\/2016\/02\/logo_sanofi-150x150.png 150w, https:\/\/akademiafarmaceuty.edu.pl\/2020stacjonarne\/wp-content\/uploads\/2016\/02\/logo_sanofi.png 300w\" sizes=\"(max-width: 150px) 100vw, 150px\" \/>\r\n<figcaption><\/figcaption>\r\n<\/figure>\r\n<\/div>\r\n<\/div>\r\n\r\n\r\n\r\n<div class=\"wp-block-column\">\r\n<p style=\"text-align: center;\"><strong>Organizator<\/strong><\/p>\r\n\r\n\r\n\r\n<div class=\"wp-block-image\">\r\n<figure class=\"aligncenter\"><img loading=\"lazy\" width=\"150\" height=\"150\" class=\"wp-image-94\" src=\"https:\/\/akademiafarmaceuty.edu.pl\/2020\/wp-content\/uploads\/2016\/02\/logo_gum-150x150.png\" alt=\"Gda\u0144ski Uniwersytet Medyczny\" srcset=\"https:\/\/akademiafarmaceuty.edu.pl\/2020stacjonarne\/wp-content\/uploads\/2016\/02\/logo_gum-150x150.png 150w, https:\/\/akademiafarmaceuty.edu.pl\/2020stacjonarne\/wp-content\/uploads\/2016\/02\/logo_gum.png 300w\" sizes=\"(max-width: 150px) 100vw, 150px\" \/>\r\n<figcaption><\/figcaption>\r\n<\/figure>\r\n<\/div>\r\n<\/div>\r\n\r\n\r\n\r\n<div class=\"wp-block-column\">\r\n<p style=\"text-align: center;\"><strong>Wsp\u00f3\u0142organizator<\/strong><\/p>\r\n\r\n\r\n\r\n<div class=\"wp-block-image\">\r\n<figure class=\"aligncenter\"><img loading=\"lazy\" width=\"150\" height=\"150\" class=\"wp-image-95\" src=\"https:\/\/akademiafarmaceuty.edu.pl\/2020\/wp-content\/uploads\/2016\/02\/logo_neoart-150x150.png\" alt=\"Grupa Neoart\" srcset=\"https:\/\/akademiafarmaceuty.edu.pl\/2020stacjonarne\/wp-content\/uploads\/2016\/02\/logo_neoart-150x150.png 150w, https:\/\/akademiafarmaceuty.edu.pl\/2020stacjonarne\/wp-content\/uploads\/2016\/02\/logo_neoart.png 300w\" sizes=\"(max-width: 150px) 100vw, 150px\" \/><\/figure>\r\n<\/div>\r\n<\/div>\r\n<\/div>\r\n","protected":false},"excerpt":{"rendered":"<p>UWAGA! TO JEST STRONA ARCHIWALNA (KURSY STACJONARNE W ROKU 2020). OSOBY ZAINTERESOWANE KOLEJNYMI SZKOLENIAMI ZAPRASZAMY NA NOW\u0104 STRON\u0118 AKADEMII FARMACEUTY! &nbsp; Kurs 1.12.KOMUNIKACJA I INFORMACJA O LEKU W PRACY APTEKARZA \u2013\u00a0WYBRANE ASPEKTY TEORETYCZNE I\u00a0PRAKTYCZNE Wst\u0119p jest ca\u0142kowicie bezp\u0142atny Uczestnicy otrzymuj\u0105 &hellip; <a href=\"https:\/\/akademiafarmaceuty.edu.pl\/2020stacjonarne\/\">Continued<\/a><\/p>\n","protected":false},"author":1,"featured_media":0,"parent":0,"menu_order":0,"comment_status":"closed","ping_status":"open","template":"","meta":[],"_links":{"self":[{"href":"https:\/\/akademiafarmaceuty.edu.pl\/2020stacjonarne\/wp-json\/wp\/v2\/pages\/2"}],"collection":[{"href":"https:\/\/akademiafarmaceuty.edu.pl\/2020stacjonarne\/wp-json\/wp\/v2\/pages"}],"about":[{"href":"https:\/\/akademiafarmaceuty.edu.pl\/2020stacjonarne\/wp-json\/wp\/v2\/types\/page"}],"author":[{"embeddable":true,"href":"https:\/\/akademiafarmaceuty.edu.pl\/2020stacjonarne\/wp-json\/wp\/v2\/users\/1"}],"replies":[{"embeddable":true,"href":"https:\/\/akademiafarmaceuty.edu.pl\/2020stacjonarne\/wp-json\/wp\/v2\/comments?post=2"}],"version-history":[{"count":150,"href":"https:\/\/akademiafarmaceuty.edu.pl\/2020stacjonarne\/wp-json\/wp\/v2\/pages\/2\/revisions"}],"predecessor-version":[{"id":11038,"href":"https:\/\/akademiafarmaceuty.edu.pl\/2020stacjonarne\/wp-json\/wp\/v2\/pages\/2\/revisions\/11038"}],"wp:attachment":[{"href":"https:\/\/akademiafarmaceuty.edu.pl\/2020stacjonarne\/wp-json\/wp\/v2\/media?parent=2"}],"curies":[{"name":"wp","href":"https:\/\/api.w.org\/{rel}","templated":true}]}}